{"id":11915,"date":"2019-02-26T11:50:00","date_gmt":"2019-02-26T10:50:00","guid":{"rendered":"https:\/\/luxury-rental-mc.com\/?page_id=11915"},"modified":"2019-05-18T21:06:48","modified_gmt":"2019-05-18T19:06:48","slug":"bmw-8serie-convertible","status":"publish","type":"page","link":"https:\/\/luxury-rental-mc.com\/fr\/location-voiture\/bmw-8serie-convertible\/","title":{"rendered":"BMW S\u00e9rie 8 cabriolet"},"content":{"rendered":"[vc_row][vc_column width=\u00a0\u00bb2\/3&Prime;][mk_title_box size=\u00a0\u00bb16&Prime; letter_spacing=\u00a0\u00bb4&Prime; margin_bottom=\u00a0\u00bb0&Prime; font_family=\u00a0\u00bbnone\u00a0\u00bb]\n<h1><span style=\"font-size: 14pt;\">Location BMW S\u00e9rie 8 cabriolet<\/span><\/h1>\n[\/mk_title_box][mk_swipe_slideshow images=\u00a0\u00bb12005,12014,12019,12016&Prime; image_height=\u00a0\u00bb400&Prime;][vc_column_text css=\u00a0\u00bb.vc_custom_1558206235561{margin-bottom: 0px !important;}\u00a0\u00bb]<span style=\"font-size: 10pt;\">Le constructeur automobile allemand BMW lance la nouvelle <strong>BMW s\u00e9rie 8 version cabriolet<\/strong> ! Hyper luxe et sportivit\u00e9 fait de nouveau partie des ambitions de la marque allemande BMW.\u00a0Notre \u00e9quipe MC Luxury Rental se fait un plaisir de pouvoir vous louer ce nouveau cabriolet BMW S\u00e9rie 8, ce grand convertible b\u00e9n\u00e9ficie des atout les plus luxueux de chez BMW mais aussi des plus sportifs avec son moteur V8 de 4.4L biturbo qui d\u00e9veloppe 530 chevaux et qui vous permettrons un 0 \u00e0 100 km\/h en seulement 3,7 secondes.\u00a0Cette nouvelle BMW s\u00e9rie 8 cabriolet \u00a0vous fournira confort et performance lors de votre <strong>location de voiture de sport<\/strong>. Cette BMW S\u00e9rie 8 cabriolet disponible \u00e0 la location est le parfait compromis pour vos voyages en Europe. En ville \u00e0 Cannes, <strong>Milan<\/strong> ou Monaco, elle fera son plus bel effet, tandis que lors de vos d\u00e9placements entre <strong>Nice<\/strong> et Paris, elle offrira un agr\u00e9ment de conduite sans \u00e9gal. La BMW S\u00e9rie 8 d\u00e9capotable rivalise d\u00e9sormais avec la <a href=\"https:\/\/luxury-rental-mc.com\/fr\/location-voiture\/mercedes-classe-s560-cabriolet\">Mercedes-Benz Classe S cabriolet<\/a>.<span class=\"Apple-converted-space\">\u00a0<\/span>Parfaite pour de longs voyages entre l\u2019Espagne et l\u2019Italie ou pour vous balader sous le soleil azur\u00e9en entre <strong>Saint-Tropez<\/strong> et Monte-Carlo, ce cabriolet de luxe saura vous satisfaire dans toute situation.<\/span><br \/>\n<span style=\"font-size: 10pt;\">R\u00e9servez d\u00e8s maintenant chez MC Luxury Rental pour louer cette nouvelle BMW s\u00e9rie 8 cabriolet dans la ville de votre choix. Peu importe d\u2019occasion, pour le <strong>Grand Prix F1 de Monaco<\/strong> \u00e0 Monte-Carlo, un voyage d\u2019affaires \u00e0 Nice, lors du <a href=\"https:\/\/luxury-rental-mc.com\/fr\/location-voiture-luxe\/cannes\">Festival International du Film \u00e0 Cannes<\/a>, des vacances \u00e0 Portofino ou un s\u00e9jour \u00e0 Barcelone.\u00a0Pour <strong>louer une voiture de luxe BMW Serie 8 cabriolet<\/strong>, choisissez la <a href=\"https:\/\/luxury-rental-mc.com\/fr\/location-voiture-luxe\/nice\">location en aller simple avec prise en charge \u00e0 l\u2019a\u00e9roport de Nice-C\u00f4te d\u2019Azur<\/a> et restitution \u00e0 votre hotel \u00e0 Gordes ou Bordeaux. Parmi nos services sur mesure, choisissez le lieu de livraison de la voiture de location : villa \u00e0 Saint-Tropez, hotel \u00e0 Forte dei Marmi, h\u00e9liport de Monaco, chalet \u00e0 <strong>Courchevel 1850<\/strong>, port de Nice, <a href=\"https:\/\/luxury-rental-mc.com\/fr\/location-voiture-luxe\/milan\">a\u00e9roport de Milan<\/a>\u2026<\/span>[\/vc_column_text][\/vc_column][vc_column width=\u00a0\u00bb1\/3&Prime;][mk_padding_divider size=\u00a0\u00bb12&Prime;][mk_title_box size=\u00a0\u00bb16&Prime; letter_spacing=\u00a0\u00bb4&Prime; margin_bottom=\u00a0\u00bb0&Prime; font_family=\u00a0\u00bbnone\u00a0\u00bb]\n<h2><span style=\"font-size: 14pt;\">Tarifs<\/span><\/h2>\n[\/mk_title_box][vc_table vc_table_theme=\u00a0\u00bbsimple_pink\u00a0\u00bb][align-left]Journ%C3%A9e%20(150%20Km),[align-left]650%20%E2%82%AC|[b;align-left]3%20Jours%20(500%20km),[align-left]1800%20%E2%82%AC|[b;align-left]5%20Jours%20(750%20Km),[align-left]2700%20%E2%82%AC|[b;align-left]Jour%20supp.,[align-left]480%20%E2%82%AC[\/vc_table][mk_button dimension=\u00a0\u00bboutline\u00a0\u00bb size=\u00a0\u00bblarge\u00a0\u00bb icon=\u00a0\u00bbmk-li-call\u00a0\u00bb url=\u00a0\u00bbhttps:\/\/luxury-rental-mc.com\/fr\/contact\/\u00a0\u00bb align=\u00a0\u00bbcenter\u00a0\u00bb fullwidth=\u00a0\u00bbtrue\u00a0\u00bb visibility=\u00a0\u00bbhidden-sm\u00a0\u00bb]R\u00e9servation +33762841105[\/mk_button][mk_button dimension=\u00a0\u00bboutline\u00a0\u00bb size=\u00a0\u00bblarge\u00a0\u00bb icon=\u00a0\u00bbmk-li-call\u00a0\u00bb url=\u00a0\u00bbtel:+33762841105&Prime; align=\u00a0\u00bbcenter\u00a0\u00bb fullwidth=\u00a0\u00bbtrue\u00a0\u00bb visibility=\u00a0\u00bbhidden-dt\u00a0\u00bb]Reservation[\/mk_button][vc_column_text css=\u00a0\u00bb.vc_custom_1558206252501{margin-bottom: 0px !important;}\u00a0\u00bb]Marque\u00a0:\u00a0BMW<br \/>\nMod\u00e8le :\u00a0S\u00e9rie 8 convertible<br \/>\nNombre de places : 4<br \/>\nPuissance : 530 ch<br \/>\nCylindr\u00e9e\u00a0: 4395 cm3<br \/>\nVitesse\u00a0max : 250 km\/h<br \/>\nConsommation Mixte\u00a0: 9.7 l\/100 km<br \/>\nAge minimum\u00a0: 18 ans[\/vc_column_text][\/vc_column][\/vc_row][vc_row fullwidth=\u00a0\u00bbtrue\u00a0\u00bb][vc_column][mk_clients clients=\u00a0\u00bb7183,7187,7173,7185,7177,7175,7179,7181,7189&Prime;][\/vc_column][\/vc_row]\n","protected":false},"excerpt":{"rendered":"<p>[vc_row][vc_column width=\u00a0\u00bb2\/3&Prime;][mk_title_box size=\u00a0\u00bb16&Prime; letter_spacing=\u00a0\u00bb4&Prime; margin_bottom=\u00a0\u00bb0&Prime; font_family=\u00a0\u00bbnone\u00a0\u00bb] Location BMW S\u00e9rie 8 cabriolet [\/mk_title_box][mk_swipe_slideshow images=\u00a0\u00bb12005,12014,12019,12016&Prime; image_height=\u00a0\u00bb400&Prime;][vc_column_text css=\u00a0\u00bb.vc_custom_1558206235561{margin-bottom: 0px !important;}\u00a0\u00bb]Le constructeur automobile allemand BMW lance la nouvelle BMW s\u00e9rie 8 version cabriolet ! Hyper luxe et sportivit\u00e9 fait de nouveau partie des ambitions de la marque allemande BMW.\u00a0Notre \u00e9quipe MC Luxury Rental se fait un plaisir de pouvoir [&hellip;]<\/p>\n","protected":false},"author":1,"featured_media":0,"parent":7038,"menu_order":0,"comment_status":"closed","ping_status":"closed","template":"","meta":{"_monsterinsights_skip_tracking":false,"_monsterinsights_sitenote_active":false,"_monsterinsights_sitenote_note":"","_monsterinsights_sitenote_category":0},"yoast_head":"<!-- This site is optimized with the Yoast SEO plugin v20.3 - https:\/\/yoast.com\/wordpress\/plugins\/seo\/ -->\n<title>BMW S\u00e9rie 8 cabriolet - Luxury Car Rentals | Monaco, Nice, Cannes, Saint-Tropez<\/title>\n<meta name=\"robots\" content=\"index, follow, max-snippet:-1, max-image-preview:large, max-video-preview:-1\" \/>\n<link rel=\"canonical\" href=\"https:\/\/luxury-rental-mc.com\/fr\/location-voiture\/bmw-8serie-convertible\/\" \/>\n<meta property=\"og:locale\" content=\"fr_FR\" \/>\n<meta property=\"og:type\" content=\"article\" \/>\n<meta property=\"og:title\" content=\"BMW S\u00e9rie 8 cabriolet - Luxury Car Rentals | Monaco, Nice, Cannes, Saint-Tropez\" \/>\n<meta property=\"og:description\" content=\"[vc_row][vc_column width=\u00a0\u00bb2\/3&Prime;][mk_title_box size=\u00a0\u00bb16&Prime; letter_spacing=\u00a0\u00bb4&Prime; margin_bottom=\u00a0\u00bb0&Prime; font_family=\u00a0\u00bbnone\u00a0\u00bb] Location BMW S\u00e9rie 8 cabriolet [\/mk_title_box][mk_swipe_slideshow images=\u00a0\u00bb12005,12014,12019,12016&Prime; image_height=\u00a0\u00bb400&Prime;][vc_column_text css=\u00a0\u00bb.vc_custom_1558206235561{margin-bottom: 0px !important;}\u00a0\u00bb]Le constructeur automobile allemand BMW lance la nouvelle BMW s\u00e9rie 8 version cabriolet ! Hyper luxe et sportivit\u00e9 fait de nouveau partie des ambitions de la marque allemande BMW.\u00a0Notre \u00e9quipe MC Luxury Rental se fait un plaisir de pouvoir [&hellip;]\" \/>\n<meta property=\"og:url\" content=\"https:\/\/luxury-rental-mc.com\/fr\/location-voiture\/bmw-8serie-convertible\/\" \/>\n<meta property=\"og:site_name\" content=\"Luxury Car Rentals | Monaco, Nice, Cannes, Saint-Tropez\" \/>\n<meta property=\"article:modified_time\" content=\"2019-05-18T19:06:48+00:00\" \/>\n<meta name=\"twitter:label1\" content=\"Dur\u00e9e de lecture estim\u00e9e\" \/>\n\t<meta name=\"twitter:data1\" content=\"3 minutes\" \/>\n<script type=\"application\/ld+json\" class=\"yoast-schema-graph\">{\"@context\":\"https:\/\/schema.org\",\"@graph\":[{\"@type\":\"WebPage\",\"@id\":\"https:\/\/luxury-rental-mc.com\/fr\/location-voiture\/bmw-8serie-convertible\/\",\"url\":\"https:\/\/luxury-rental-mc.com\/fr\/location-voiture\/bmw-8serie-convertible\/\",\"name\":\"BMW S\u00e9rie 8 cabriolet - Luxury Car Rentals | Monaco, Nice, Cannes, Saint-Tropez\",\"isPartOf\":{\"@id\":\"https:\/\/luxury-rental-mc.com\/#website\"},\"datePublished\":\"2019-02-26T10:50:00+00:00\",\"dateModified\":\"2019-05-18T19:06:48+00:00\",\"breadcrumb\":{\"@id\":\"https:\/\/luxury-rental-mc.com\/fr\/location-voiture\/bmw-8serie-convertible\/#breadcrumb\"},\"inLanguage\":\"fr-FR\",\"potentialAction\":[{\"@type\":\"ReadAction\",\"target\":[\"https:\/\/luxury-rental-mc.com\/fr\/location-voiture\/bmw-8serie-convertible\/\"]}]},{\"@type\":\"BreadcrumbList\",\"@id\":\"https:\/\/luxury-rental-mc.com\/fr\/location-voiture\/bmw-8serie-convertible\/#breadcrumb\",\"itemListElement\":[{\"@type\":\"ListItem\",\"position\":1,\"name\":\"Accueil\",\"item\":\"https:\/\/luxury-rental-mc.com\/fr\/\"},{\"@type\":\"ListItem\",\"position\":2,\"name\":\"Location\",\"item\":\"https:\/\/luxury-rental-mc.com\/fr\/location-voiture\/\"},{\"@type\":\"ListItem\",\"position\":3,\"name\":\"BMW S\u00e9rie 8 cabriolet\"}]},{\"@type\":\"WebSite\",\"@id\":\"https:\/\/luxury-rental-mc.com\/#website\",\"url\":\"https:\/\/luxury-rental-mc.com\/\",\"name\":\"Luxury Car Rentals | Monaco, Nice, Cannes, Saint-Tropez\",\"description\":\"Rent the finest brands : Porsche, Ferrari, Lamborghini, Mercedes...\",\"potentialAction\":[{\"@type\":\"SearchAction\",\"target\":{\"@type\":\"EntryPoint\",\"urlTemplate\":\"https:\/\/luxury-rental-mc.com\/?s={search_term_string}\"},\"query-input\":\"required name=search_term_string\"}],\"inLanguage\":\"fr-FR\"}]}<\/script>\n<!-- \/ Yoast SEO plugin. -->","yoast_head_json":{"title":"BMW S\u00e9rie 8 cabriolet - Luxury Car Rentals | Monaco, Nice, Cannes, Saint-Tropez","robots":{"index":"index","follow":"follow","max-snippet":"max-snippet:-1","max-image-preview":"max-image-preview:large","max-video-preview":"max-video-preview:-1"},"canonical":"https:\/\/luxury-rental-mc.com\/fr\/location-voiture\/bmw-8serie-convertible\/","og_locale":"fr_FR","og_type":"article","og_title":"BMW S\u00e9rie 8 cabriolet - Luxury Car Rentals | Monaco, Nice, Cannes, Saint-Tropez","og_description":"[vc_row][vc_column width=\u00a0\u00bb2\/3&Prime;][mk_title_box size=\u00a0\u00bb16&Prime; letter_spacing=\u00a0\u00bb4&Prime; margin_bottom=\u00a0\u00bb0&Prime; font_family=\u00a0\u00bbnone\u00a0\u00bb] Location BMW S\u00e9rie 8 cabriolet [\/mk_title_box][mk_swipe_slideshow images=\u00a0\u00bb12005,12014,12019,12016&Prime; image_height=\u00a0\u00bb400&Prime;][vc_column_text css=\u00a0\u00bb.vc_custom_1558206235561{margin-bottom: 0px !important;}\u00a0\u00bb]Le constructeur automobile allemand BMW lance la nouvelle BMW s\u00e9rie 8 version cabriolet ! Hyper luxe et sportivit\u00e9 fait de nouveau partie des ambitions de la marque allemande BMW.\u00a0Notre \u00e9quipe MC Luxury Rental se fait un plaisir de pouvoir [&hellip;]","og_url":"https:\/\/luxury-rental-mc.com\/fr\/location-voiture\/bmw-8serie-convertible\/","og_site_name":"Luxury Car Rentals | Monaco, Nice, Cannes, Saint-Tropez","article_modified_time":"2019-05-18T19:06:48+00:00","twitter_misc":{"Dur\u00e9e de lecture estim\u00e9e":"3 minutes"},"schema":{"@context":"https:\/\/schema.org","@graph":[{"@type":"WebPage","@id":"https:\/\/luxury-rental-mc.com\/fr\/location-voiture\/bmw-8serie-convertible\/","url":"https:\/\/luxury-rental-mc.com\/fr\/location-voiture\/bmw-8serie-convertible\/","name":"BMW S\u00e9rie 8 cabriolet - Luxury Car Rentals | Monaco, Nice, Cannes, Saint-Tropez","isPartOf":{"@id":"https:\/\/luxury-rental-mc.com\/#website"},"datePublished":"2019-02-26T10:50:00+00:00","dateModified":"2019-05-18T19:06:48+00:00","breadcrumb":{"@id":"https:\/\/luxury-rental-mc.com\/fr\/location-voiture\/bmw-8serie-convertible\/#breadcrumb"},"inLanguage":"fr-FR","potentialAction":[{"@type":"ReadAction","target":["https:\/\/luxury-rental-mc.com\/fr\/location-voiture\/bmw-8serie-convertible\/"]}]},{"@type":"BreadcrumbList","@id":"https:\/\/luxury-rental-mc.com\/fr\/location-voiture\/bmw-8serie-convertible\/#breadcrumb","itemListElement":[{"@type":"ListItem","position":1,"name":"Accueil","item":"https:\/\/luxury-rental-mc.com\/fr\/"},{"@type":"ListItem","position":2,"name":"Location","item":"https:\/\/luxury-rental-mc.com\/fr\/location-voiture\/"},{"@type":"ListItem","position":3,"name":"BMW S\u00e9rie 8 cabriolet"}]},{"@type":"WebSite","@id":"https:\/\/luxury-rental-mc.com\/#website","url":"https:\/\/luxury-rental-mc.com\/","name":"Luxury Car Rentals | Monaco, Nice, Cannes, Saint-Tropez","description":"Rent the finest brands : Porsche, Ferrari, Lamborghini, Mercedes...","potentialAction":[{"@type":"SearchAction","target":{"@type":"EntryPoint","urlTemplate":"https:\/\/luxury-rental-mc.com\/?s={search_term_string}"},"query-input":"required name=search_term_string"}],"inLanguage":"fr-FR"}]}},"_links":{"self":[{"href":"https:\/\/luxury-rental-mc.com\/fr\/wp-json\/wp\/v2\/pages\/11915\/"}],"collection":[{"href":"https:\/\/luxury-rental-mc.com\/fr\/wp-json\/wp\/v2\/pages\/"}],"about":[{"href":"https:\/\/luxury-rental-mc.com\/fr\/wp-json\/wp\/v2\/types\/page\/"}],"author":[{"embeddable":true,"href":"https:\/\/luxury-rental-mc.com\/fr\/wp-json\/wp\/v2\/users\/1\/"}],"replies":[{"embeddable":true,"href":"https:\/\/luxury-rental-mc.com\/fr\/wp-json\/wp\/v2\/comments\/?post=11915"}],"version-history":[{"count":9,"href":"https:\/\/luxury-rental-mc.com\/fr\/wp-json\/wp\/v2\/pages\/11915\/revisions\/"}],"predecessor-version":[{"id":12328,"href":"https:\/\/luxury-rental-mc.com\/fr\/wp-json\/wp\/v2\/pages\/11915\/revisions\/12328\/"}],"up":[{"embeddable":true,"href":"https:\/\/luxury-rental-mc.com\/fr\/wp-json\/wp\/v2\/pages\/7038\/"}],"wp:attachment":[{"href":"https:\/\/luxury-rental-mc.com\/fr\/wp-json\/wp\/v2\/media\/?parent=11915"}],"curies":[{"name":"wp","href":"https:\/\/api.w.org\/{rel}","templated":true}]}}