{"id":7596,"date":"2016-03-29T18:35:55","date_gmt":"2016-03-29T16:35:55","guid":{"rendered":"https:\/\/luxury-rental-mc.com\/fr\/?page_id=7596"},"modified":"2019-04-23T18:11:40","modified_gmt":"2019-04-23T16:11:40","slug":"bmw-serie-4-cabriolet","status":"publish","type":"page","link":"https:\/\/luxury-rental-mc.com\/fr\/location-voiture\/bmw-serie-4-cabriolet\/","title":{"rendered":"Bmw Serie 4 Cabriolet"},"content":{"rendered":"[vc_row][vc_column width=\u00a0\u00bb2\/3&Prime;][mk_title_box size=\u00a0\u00bb16&Prime; letter_spacing=\u00a0\u00bb4&Prime; margin_bottom=\u00a0\u00bb0&Prime; font_family=\u00a0\u00bbnone\u00a0\u00bb]\n<h1><span style=\"font-size: 14pt;\">Location\u00a0BMW Serie 4 Cabriolet<\/span><\/h1>\n[\/mk_title_box][mk_swipe_slideshow images=\u00a0\u00bb12048,12052,12050&Prime; image_width=\u00a0\u00bb750&Prime; image_height=\u00a0\u00bb380&Prime;][vc_column_text css=\u00a0\u00bb.vc_custom_1556035897050{margin-bottom: 0px !important;}\u00a0\u00bb]<span style=\"font-size: 10pt;\">La <strong>BMW S\u00e9rie 4 cabriolet<\/strong>, mod\u00e8le phare du <a href=\"https:\/\/luxury-rental-mc.com\/fr\/bmw\">constructeur automobile allemand BMW <\/a>vous fera b\u00e9n\u00e9ficier du soleil azur\u00e9en gr\u00e2ce son toit rigide d\u00e9capotable.\u00a0Cette <strong>BMW s\u00e9rie 4 cabriolet<\/strong> est le v\u00e9hicule id\u00e9al pour allier plaisir, sport et confort que \u00e7a soit en famille ou entre amis, vous saurez appr\u00e9cier la puissance de ce <strong>v\u00e9hicule premium<\/strong> avec ses finitions luxe tout au long de votre location.\u00a0Ce cabriolet de luxe vous fera prendre un bain de soleil pendant vos <strong>d\u00e9placements professionnels en Principaut\u00e9 de Monaco<\/strong> ou lors de vos <strong>trajets priv\u00e9s<\/strong> pour vos vacances estivales en <strong>Italie<\/strong>.\u00a0Ses diff\u00e9rents modes de conduite vous permettront d\u2019adapter cette voiture de luxe \u00e0 vos besoins et votre parcours, que vous soyez sur le bord de mer \u00e0 <strong>Nice<\/strong>, Monaco ou <a href=\"https:\/\/luxury-rental-mc.com\/fr\/location-voiture-luxe\/cannes\">Cannes<\/a>, ou encore dans une des plus belles villes d\u2019Europe comme Paris, <strong>Milan<\/strong>, Barcelone ou encore <a href=\"https:\/\/luxury-rental-mc.com\/fr\/location-voiture-luxe\/autres-villes\/location-voiture-de-luxe-venise\">Venise<\/a>.<span class=\"Apple-converted-space\">\u00a0<\/span>La BMW s\u00e9rie 4 cabriolet sera donc votre v\u00e9hicule id\u00e9al pendant les beaux jours sur la C\u00f4te d\u2019Azur, que \u00e7a soit en ville ou sur route, le plein d\u2019air quotidien sera fait avec l\u00e9g\u00e8ret\u00e9 et fluidit\u00e9 mais surtout avec puissance.<\/span><br \/>\n<span style=\"font-size: 10pt;\">Alors n\u2019h\u00e9sitez plus, <strong>louez une BMW S\u00e9rie 4 cabriolet<\/strong>. Toute l\u2019\u00e9quipe de MC Luxury Rental se fera un plaisir de mettre \u00e0 votre disposition ce v\u00e9hicule premium haut de gamme pour une <strong>location courte ou longue dur\u00e9e<\/strong>.<\/span><br \/>\n<span style=\"font-size: 10pt;\">Nos <strong>services sur mesure disponibles dans toute l\u2019Europe<\/strong> vous permettront, avec cette BMW S\u00e9rie 4 cabriolet, une <strong>location en aller simple<\/strong> avec des lieux de d\u00e9part et de retour diff\u00e9rents (<strong>Espagne<\/strong>, France, Italie, Suisse\u2026).\u00a0Par exemple, louez et <a href=\"https:\/\/luxury-rental-mc.com\/fr\/location-voiture-luxe\/nice\">faites vous livrer la BMW S\u00e9rie 4 convertible \u00e0 l\u2019a\u00e9roport de Nice-C\u00f4te d\u2019Azur<\/a>, G\u00eanes Christophe Colomb ou Milan Malpensa et que vous le restituez ce v\u00e9hicule de location dans une autre ville de votre choix telle que Portofino, <strong>Saint-Tropez<\/strong> ou encore <a href=\"https:\/\/luxury-rental-mc.com\/fr\/location-voiture-luxe\/autres-villes\/location-geneve\">Gen\u00e8ve<\/a>.<\/span><br \/>\n<span style=\"font-size: 10pt;\">La BMW s\u00e9rie 4 cabriolet est la concurrente de l\u2019<a href=\"https:\/\/luxury-rental-mc.com\/fr\/location-voiture\/audi-a5-cabriolet\">Audi A5 cabriolet<\/a> et de la <a href=\"https:\/\/luxury-rental-mc.com\/rent-car\/mercedes-class-e-convertible-2\">Mercedes Benz Classe E cabriolet<\/a>. Gr\u00e2ce \u00e0 notre <strong>soci\u00e9t\u00e9 de location de voitures de prestige<\/strong> MC Luxury Rental vous n\u2019aurez qu\u2019\u00e0 choisir puisque ces trois mod\u00e8les automobiles d\u00e9capotables sont <strong>disponibles \u00e0 la location dans nos agences<\/strong>.<span class=\"Apple-converted-space\">\u00a0<\/span><\/span>[\/vc_column_text][\/vc_column][vc_column width=\u00a0\u00bb1\/3&Prime;][mk_padding_divider size=\u00a0\u00bb12&Prime;][mk_title_box size=\u00a0\u00bb16&Prime; letter_spacing=\u00a0\u00bb4&Prime; margin_bottom=\u00a0\u00bb0&Prime; font_family=\u00a0\u00bbnone\u00a0\u00bb]\n<h2><span style=\"font-size: 14pt;\">Tarifs<\/span><\/h2>\n[\/mk_title_box][vc_table vc_table_theme=\u00a0\u00bbsimple_pink\u00a0\u00bb][align-left]Journ%C3%A9e%20(150%20Km),[align-left]380%E2%82%AC|[b;align-left]3%20Jours%20(500%20km),[align-left]950%E2%82%AC|[b;align-left]5%20Jours%20(750%20Km),[align-left]1450%20%E2%82%AC|[b;align-left]Jour%20supp.,[align-left]300%20%E2%82%AC[\/vc_table][mk_button dimension=\u00a0\u00bboutline\u00a0\u00bb size=\u00a0\u00bblarge\u00a0\u00bb icon=\u00a0\u00bbmk-li-call\u00a0\u00bb url=\u00a0\u00bbhttps:\/\/luxury-rental-mc.com\/fr\/contact\/\u00a0\u00bb align=\u00a0\u00bbcenter\u00a0\u00bb fullwidth=\u00a0\u00bbtrue\u00a0\u00bb visibility=\u00a0\u00bbhidden-sm\u00a0\u00bb]R\u00e9servation +33762841105[\/mk_button][mk_button dimension=\u00a0\u00bboutline\u00a0\u00bb size=\u00a0\u00bblarge\u00a0\u00bb icon=\u00a0\u00bbmk-li-call\u00a0\u00bb url=\u00a0\u00bbtel:+33762841105&Prime; align=\u00a0\u00bbcenter\u00a0\u00bb fullwidth=\u00a0\u00bbtrue\u00a0\u00bb visibility=\u00a0\u00bbhidden-dt\u00a0\u00bb]Reservation[\/mk_button][vc_column_text]Marque\u00a0:\u00a0BMW<br \/>\nMod\u00e8le :\u00a0Serie 4 Cabriolet<br \/>\nNombre de places :\u00a04<br \/>\nPuissance :\u00a0190 Ch<br \/>\nCylindr\u00e9e\u00a0: 1995 cm3<br \/>\nVitesse\u00a0max :\u00a0228 Km\/h<br \/>\nConsommation Mixte\u00a0: 4.7 l \/100 km<br \/>\nAge minimum\u00a0:\u00a018 ans[\/vc_column_text][\/vc_column][\/vc_row][vc_row fullwidth=\u00a0\u00bbtrue\u00a0\u00bb][vc_column][mk_clients clients=\u00a0\u00bb7183,7187,7173,7185,7177,7175,7179,7181,7189&Prime;][\/vc_column][\/vc_row]\n","protected":false},"excerpt":{"rendered":"<p>[vc_row][vc_column width=\u00a0\u00bb2\/3&Prime;][mk_title_box size=\u00a0\u00bb16&Prime; letter_spacing=\u00a0\u00bb4&Prime; margin_bottom=\u00a0\u00bb0&Prime; font_family=\u00a0\u00bbnone\u00a0\u00bb] Location\u00a0BMW Serie 4 Cabriolet [\/mk_title_box][mk_swipe_slideshow images=\u00a0\u00bb12048,12052,12050&Prime; image_width=\u00a0\u00bb750&Prime; image_height=\u00a0\u00bb380&Prime;][vc_column_text css=\u00a0\u00bb.vc_custom_1556035897050{margin-bottom: 0px !important;}\u00a0\u00bb]La BMW S\u00e9rie 4 cabriolet, mod\u00e8le phare du constructeur automobile allemand BMW vous fera b\u00e9n\u00e9ficier du soleil azur\u00e9en gr\u00e2ce son toit rigide d\u00e9capotable.\u00a0Cette BMW s\u00e9rie 4 cabriolet est le v\u00e9hicule id\u00e9al pour allier plaisir, sport et confort que \u00e7a [&hellip;]<\/p>\n","protected":false},"author":1,"featured_media":0,"parent":7038,"menu_order":0,"comment_status":"closed","ping_status":"closed","template":"","meta":{"_monsterinsights_skip_tracking":false,"_monsterinsights_sitenote_active":false,"_monsterinsights_sitenote_note":"","_monsterinsights_sitenote_category":0},"yoast_head":"<!-- This site is optimized with the Yoast SEO plugin v20.3 - https:\/\/yoast.com\/wordpress\/plugins\/seo\/ -->\n<title>Location cabriolet Nice, Louer BMW serie 4 Cabriolet | LR MC<\/title>\n<meta name=\"description\" content=\"Pour les beaux jours, LR MC vous propose ses voitures de luxe cabriolet \u00e0 la location de Nice \u00e0 Cannes en passant par Monaco, contactez nous pour reservez\" \/>\n<meta name=\"robots\" content=\"index, follow, max-snippet:-1, max-image-preview:large, max-video-preview:-1\" \/>\n<link rel=\"canonical\" href=\"https:\/\/luxury-rental-mc.com\/fr\/location-voiture\/bmw-serie-4-cabriolet\/\" \/>\n<meta property=\"og:locale\" content=\"fr_FR\" \/>\n<meta property=\"og:type\" content=\"article\" \/>\n<meta property=\"og:title\" content=\"Location cabriolet Nice, Louer BMW serie 4 Cabriolet | LR MC\" \/>\n<meta property=\"og:description\" content=\"Pour les beaux jours, LR MC vous propose ses voitures de luxe cabriolet \u00e0 la location de Nice \u00e0 Cannes en passant par Monaco, contactez nous pour reservez\" \/>\n<meta property=\"og:url\" content=\"https:\/\/luxury-rental-mc.com\/fr\/location-voiture\/bmw-serie-4-cabriolet\/\" \/>\n<meta property=\"og:site_name\" content=\"Luxury Car Rentals | Monaco, Nice, Cannes, Saint-Tropez\" \/>\n<meta property=\"article:modified_time\" content=\"2019-04-23T16:11:40+00:00\" \/>\n<meta name=\"twitter:label1\" content=\"Dur\u00e9e de lecture estim\u00e9e\" \/>\n\t<meta name=\"twitter:data1\" content=\"3 minutes\" \/>\n<script type=\"application\/ld+json\" class=\"yoast-schema-graph\">{\"@context\":\"https:\/\/schema.org\",\"@graph\":[{\"@type\":\"WebPage\",\"@id\":\"https:\/\/luxury-rental-mc.com\/fr\/location-voiture\/bmw-serie-4-cabriolet\/\",\"url\":\"https:\/\/luxury-rental-mc.com\/fr\/location-voiture\/bmw-serie-4-cabriolet\/\",\"name\":\"Location cabriolet Nice, Louer BMW serie 4 Cabriolet | LR MC\",\"isPartOf\":{\"@id\":\"https:\/\/luxury-rental-mc.com\/#website\"},\"datePublished\":\"2016-03-29T16:35:55+00:00\",\"dateModified\":\"2019-04-23T16:11:40+00:00\",\"description\":\"Pour les beaux jours, LR MC vous propose ses voitures de luxe cabriolet \u00e0 la location de Nice \u00e0 Cannes en passant par Monaco, contactez nous pour reservez\",\"breadcrumb\":{\"@id\":\"https:\/\/luxury-rental-mc.com\/fr\/location-voiture\/bmw-serie-4-cabriolet\/#breadcrumb\"},\"inLanguage\":\"fr-FR\",\"potentialAction\":[{\"@type\":\"ReadAction\",\"target\":[\"https:\/\/luxury-rental-mc.com\/fr\/location-voiture\/bmw-serie-4-cabriolet\/\"]}]},{\"@type\":\"BreadcrumbList\",\"@id\":\"https:\/\/luxury-rental-mc.com\/fr\/location-voiture\/bmw-serie-4-cabriolet\/#breadcrumb\",\"itemListElement\":[{\"@type\":\"ListItem\",\"position\":1,\"name\":\"Accueil\",\"item\":\"https:\/\/luxury-rental-mc.com\/fr\/\"},{\"@type\":\"ListItem\",\"position\":2,\"name\":\"Location\",\"item\":\"https:\/\/luxury-rental-mc.com\/fr\/location-voiture\/\"},{\"@type\":\"ListItem\",\"position\":3,\"name\":\"Bmw Serie 4 Cabriolet\"}]},{\"@type\":\"WebSite\",\"@id\":\"https:\/\/luxury-rental-mc.com\/#website\",\"url\":\"https:\/\/luxury-rental-mc.com\/\",\"name\":\"Luxury Car Rentals | Monaco, Nice, Cannes, Saint-Tropez\",\"description\":\"Rent the finest brands : Porsche, Ferrari, Lamborghini, Mercedes...\",\"potentialAction\":[{\"@type\":\"SearchAction\",\"target\":{\"@type\":\"EntryPoint\",\"urlTemplate\":\"https:\/\/luxury-rental-mc.com\/?s={search_term_string}\"},\"query-input\":\"required name=search_term_string\"}],\"inLanguage\":\"fr-FR\"}]}<\/script>\n<!-- \/ Yoast SEO plugin. -->","yoast_head_json":{"title":"Location cabriolet Nice, Louer BMW serie 4 Cabriolet | LR MC","description":"Pour les beaux jours, LR MC vous propose ses voitures de luxe cabriolet \u00e0 la location de Nice \u00e0 Cannes en passant par Monaco, contactez nous pour reservez","robots":{"index":"index","follow":"follow","max-snippet":"max-snippet:-1","max-image-preview":"max-image-preview:large","max-video-preview":"max-video-preview:-1"},"canonical":"https:\/\/luxury-rental-mc.com\/fr\/location-voiture\/bmw-serie-4-cabriolet\/","og_locale":"fr_FR","og_type":"article","og_title":"Location cabriolet Nice, Louer BMW serie 4 Cabriolet | LR MC","og_description":"Pour les beaux jours, LR MC vous propose ses voitures de luxe cabriolet \u00e0 la location de Nice \u00e0 Cannes en passant par Monaco, contactez nous pour reservez","og_url":"https:\/\/luxury-rental-mc.com\/fr\/location-voiture\/bmw-serie-4-cabriolet\/","og_site_name":"Luxury Car Rentals | Monaco, Nice, Cannes, Saint-Tropez","article_modified_time":"2019-04-23T16:11:40+00:00","twitter_misc":{"Dur\u00e9e de lecture estim\u00e9e":"3 minutes"},"schema":{"@context":"https:\/\/schema.org","@graph":[{"@type":"WebPage","@id":"https:\/\/luxury-rental-mc.com\/fr\/location-voiture\/bmw-serie-4-cabriolet\/","url":"https:\/\/luxury-rental-mc.com\/fr\/location-voiture\/bmw-serie-4-cabriolet\/","name":"Location cabriolet Nice, Louer BMW serie 4 Cabriolet | LR MC","isPartOf":{"@id":"https:\/\/luxury-rental-mc.com\/#website"},"datePublished":"2016-03-29T16:35:55+00:00","dateModified":"2019-04-23T16:11:40+00:00","description":"Pour les beaux jours, LR MC vous propose ses voitures de luxe cabriolet \u00e0 la location de Nice \u00e0 Cannes en passant par Monaco, contactez nous pour reservez","breadcrumb":{"@id":"https:\/\/luxury-rental-mc.com\/fr\/location-voiture\/bmw-serie-4-cabriolet\/#breadcrumb"},"inLanguage":"fr-FR","potentialAction":[{"@type":"ReadAction","target":["https:\/\/luxury-rental-mc.com\/fr\/location-voiture\/bmw-serie-4-cabriolet\/"]}]},{"@type":"BreadcrumbList","@id":"https:\/\/luxury-rental-mc.com\/fr\/location-voiture\/bmw-serie-4-cabriolet\/#breadcrumb","itemListElement":[{"@type":"ListItem","position":1,"name":"Accueil","item":"https:\/\/luxury-rental-mc.com\/fr\/"},{"@type":"ListItem","position":2,"name":"Location","item":"https:\/\/luxury-rental-mc.com\/fr\/location-voiture\/"},{"@type":"ListItem","position":3,"name":"Bmw Serie 4 Cabriolet"}]},{"@type":"WebSite","@id":"https:\/\/luxury-rental-mc.com\/#website","url":"https:\/\/luxury-rental-mc.com\/","name":"Luxury Car Rentals | Monaco, Nice, Cannes, Saint-Tropez","description":"Rent the finest brands : Porsche, Ferrari, Lamborghini, Mercedes...","potentialAction":[{"@type":"SearchAction","target":{"@type":"EntryPoint","urlTemplate":"https:\/\/luxury-rental-mc.com\/?s={search_term_string}"},"query-input":"required name=search_term_string"}],"inLanguage":"fr-FR"}]}},"_links":{"self":[{"href":"https:\/\/luxury-rental-mc.com\/fr\/wp-json\/wp\/v2\/pages\/7596\/"}],"collection":[{"href":"https:\/\/luxury-rental-mc.com\/fr\/wp-json\/wp\/v2\/pages\/"}],"about":[{"href":"https:\/\/luxury-rental-mc.com\/fr\/wp-json\/wp\/v2\/types\/page\/"}],"author":[{"embeddable":true,"href":"https:\/\/luxury-rental-mc.com\/fr\/wp-json\/wp\/v2\/users\/1\/"}],"replies":[{"embeddable":true,"href":"https:\/\/luxury-rental-mc.com\/fr\/wp-json\/wp\/v2\/comments\/?post=7596"}],"version-history":[{"count":8,"href":"https:\/\/luxury-rental-mc.com\/fr\/wp-json\/wp\/v2\/pages\/7596\/revisions\/"}],"predecessor-version":[{"id":12254,"href":"https:\/\/luxury-rental-mc.com\/fr\/wp-json\/wp\/v2\/pages\/7596\/revisions\/12254\/"}],"up":[{"embeddable":true,"href":"https:\/\/luxury-rental-mc.com\/fr\/wp-json\/wp\/v2\/pages\/7038\/"}],"wp:attachment":[{"href":"https:\/\/luxury-rental-mc.com\/fr\/wp-json\/wp\/v2\/media\/?parent=7596"}],"curies":[{"name":"wp","href":"https:\/\/api.w.org\/{rel}","templated":true}]}}